{"id":234,"date":"2024-03-10T21:02:20","date_gmt":"2024-03-10T20:02:20","guid":{"rendered":"https:\/\/www.edwardcrabbe.be\/public\/?page_id=234"},"modified":"2024-03-13T13:56:03","modified_gmt":"2024-03-13T12:56:03","slug":"lupcycling","status":"publish","type":"page","link":"https:\/\/www.edwardcrabbe.be\/public\/lupcycling\/","title":{"rendered":"L\u2019upcycling"},"content":{"rendered":"\n<div class=\"wp-block-media-text is-stacked-on-mobile\" style=\"margin-top:var(--wp--preset--spacing--70);margin-right:var(--wp--preset--spacing--70);margin-bottom:var(--wp--preset--spacing--70);margin-left:var(--wp--preset--spacing--70)\"><figure class=\"wp-block-media-text__media\"><img loading=\"lazy\" decoding=\"async\" width=\"1024\" height=\"1024\" src=\"https:\/\/www.edwardcrabbe.be\/public\/wp-content\/uploads\/2024\/03\/395111363_1492574011518980_446567136544681285_n_22-1024x1024.jpg\" alt=\"\" class=\"wp-image-238 size-full\" srcset=\"https:\/\/www.edwardcrabbe.be\/public\/wp-content\/uploads\/2024\/03\/395111363_1492574011518980_446567136544681285_n_22-1024x1024.jpg 1024w, https:\/\/www.edwardcrabbe.be\/public\/wp-content\/uploads\/2024\/03\/395111363_1492574011518980_446567136544681285_n_22-300x300.jpg 300w, https:\/\/www.edwardcrabbe.be\/public\/wp-content\/uploads\/2024\/03\/395111363_1492574011518980_446567136544681285_n_22-150x150.jpg 150w, https:\/\/www.edwardcrabbe.be\/public\/wp-content\/uploads\/2024\/03\/395111363_1492574011518980_446567136544681285_n_22-768x768.jpg 768w, https:\/\/www.edwardcrabbe.be\/public\/wp-content\/uploads\/2024\/03\/395111363_1492574011518980_446567136544681285_n_22.jpg 1148w\" sizes=\"auto, (max-width: 1024px) 100vw, 1024px\" \/><\/figure><div class=\"wp-block-media-text__content\">\n<h2 class=\"wp-block-heading\">L\u2019upcycling <\/h2>\n\n\n\n<p class=\"has-medium-font-size\">L\u2019upcycling, \u00e9galement appel\u00e9 surcyclage, consiste \u00e0 recycler par le haut. Cette pratique s\u2019inscrit dans une d\u00e9marche de d\u00e9veloppement durable et d\u2019\u00e9conomie circulaire. Plut\u00f4t que de jeter des mat\u00e9riaux ou des produits, on les r\u00e9cup\u00e8re pour leur trouver un nouvel usage en les d\u00e9tournant et\/ou en les d\u00e9composant. En d\u2019autres termes, l\u2019upcycling permet de revaloriser des objets qui auraient autrement fini en d\u00e9chets.<\/p>\n\n\n\n<p>Voici quelques id\u00e9es originales et cr\u00e9atives pour l\u2019upcycling des palettes en bois :<\/p>\n\n\n\n<ul class=\"wp-block-list\">\n<li><strong>Mobilier de jardin <\/strong><\/li>\n\n\n\n<li><strong>\u00c9tag\u00e8res et \u00e9tag\u00e8res murales <\/strong><\/li>\n\n\n\n<li><strong>T\u00eate de lit<\/strong><\/li>\n\n\n\n<li><strong>Table basse<\/strong><\/li>\n\n\n\n<li><strong>Porte-manteau <\/strong><\/li>\n\n\n\n<li><strong>Cadres photo et miroirs <\/strong><\/li>\n\n\n\n<li><strong>Jardini\u00e8re verticale <\/strong><\/li>\n\n\n\n<li>Etc, &#8230;<\/li>\n<\/ul>\n<\/div><\/div>\n","protected":false},"excerpt":{"rendered":"","protected":false},"author":1,"featured_media":0,"parent":0,"menu_order":0,"comment_status":"closed","ping_status":"closed","template":"","meta":{"site-sidebar-layout":"default","site-content-layout":"","ast-site-content-layout":"","site-content-style":"default","site-sidebar-style":"default","ast-global-header-display":"","ast-banner-title-visibility":"","ast-main-header-display":"","ast-hfb-above-header-display":"","ast-hfb-below-header-display":"","ast-hfb-mobile-header-display":"","site-post-title":"disabled","ast-breadcrumbs-content":"","ast-featured-img":"","footer-sml-layout":"","theme-transparent-header-meta":"","adv-header-id-meta":"","stick-header-meta":"","header-above-stick-meta":"","header-main-stick-meta":"","header-below-stick-meta":"","astra-migrate-meta-layouts":"default","ast-page-background-enabled":"default","ast-page-background-meta":{"desktop":{"background-color":"var(--ast-global-color-4)","background-image":"","background-repeat":"repeat","background-position":"center center","background-size":"auto","background-attachment":"scroll","background-type":"","background-media":"","overlay-type":"","overlay-color":"","overlay-gradient":""},"tablet":{"background-color":"","background-image":"","background-repeat":"repeat","background-position":"center center","background-size":"auto","background-attachment":"scroll","background-type":"","background-media":"","overlay-type":"","overlay-color":"","overlay-gradient":""},"mobile":{"background-color":"","background-image":"","background-repeat":"repeat","background-position":"center center","background-size":"auto","background-attachment":"scroll","background-type":"","background-media":"","overlay-type":"","overlay-color":"","overlay-gradient":""}},"ast-content-background-meta":{"desktop":{"background-color":"var(--ast-global-color-5)","background-image":"","background-repeat":"repeat","background-position":"center center","background-size":"auto","background-attachment":"scroll","background-type":"","background-media":"","overlay-type":"","overlay-color":"","overlay-gradient":""},"tablet":{"background-color":"var(--ast-global-color-5)","background-image":"","background-repeat":"repeat","background-position":"center center","background-size":"auto","background-attachment":"scroll","background-type":"","background-media":"","overlay-type":"","overlay-color":"","overlay-gradient":""},"mobile":{"background-color":"var(--ast-global-color-5)","background-image":"","background-repeat":"repeat","background-position":"center center","background-size":"auto","background-attachment":"scroll","background-type":"","background-media":"","overlay-type":"","overlay-color":"","overlay-gradient":""}},"footnotes":""},"class_list":["post-234","page","type-page","status-publish","hentry"],"yoast_head":"<!-- This site is optimized with the Yoast SEO plugin v22.2 - https:\/\/yoast.com\/wordpress\/plugins\/seo\/ -->\n<title>L\u2019upcycling - Edward Crabbe - Artisan cr\u00e9ateur<\/title>\n<meta name=\"description\" content=\"L\u2019upcycling, \u00e9galement appel\u00e9 surcyclage, consiste \u00e0 recycler par le haut. Cette pratique s\u2019inscrit dans une d\u00e9marche de d\u00e9veloppement durable et d\u2019\u00e9conomie circulaire.\" \/>\n<meta name=\"robots\" content=\"index, follow, max-snippet:-1, max-image-preview:large, max-video-preview:-1\" \/>\n<link rel=\"canonical\" href=\"https:\/\/www.edwardcrabbe.be\/public\/lupcycling\/\" \/>\n<meta property=\"og:locale\" content=\"fr_FR\" \/>\n<meta property=\"og:type\" content=\"article\" \/>\n<meta property=\"og:title\" content=\"L\u2019upcycling\" \/>\n<meta property=\"og:description\" content=\"L\u2019upcycling, \u00e9galement appel\u00e9 surcyclage, consiste \u00e0 recycler par le haut. Cette pratique s\u2019inscrit dans une d\u00e9marche de d\u00e9veloppement durable et d\u2019\u00e9conomie circulaire.\" \/>\n<meta property=\"og:url\" content=\"https:\/\/www.edwardcrabbe.be\/public\/lupcycling\/\" \/>\n<meta property=\"og:site_name\" content=\"Edward Crabbe - Artisan cr\u00e9ateur\" \/>\n<meta property=\"article:publisher\" content=\"https:\/\/www.facebook.com\/edward.crabbe\" \/>\n<meta property=\"article:modified_time\" content=\"2024-03-13T12:56:03+00:00\" \/>\n<meta property=\"og:image\" content=\"https:\/\/www.edwardcrabbe.be\/public\/wp-content\/uploads\/2024\/03\/395111363_1492574011518980_446567136544681285_n_22.jpg\" \/>\n\t<meta property=\"og:image:width\" content=\"1148\" \/>\n\t<meta property=\"og:image:height\" content=\"1148\" \/>\n\t<meta property=\"og:image:type\" content=\"image\/jpeg\" \/>\n<meta name=\"twitter:card\" content=\"summary_large_image\" \/>\n<meta name=\"twitter:label1\" content=\"Dur\u00e9e de lecture est.\" \/>\n\t<meta name=\"twitter:data1\" content=\"1 minute\" \/>\n<script type=\"application\/ld+json\" class=\"yoast-schema-graph\">{\"@context\":\"https:\/\/schema.org\",\"@graph\":[{\"@type\":\"WebPage\",\"@id\":\"https:\/\/www.edwardcrabbe.be\/public\/lupcycling\/\",\"url\":\"https:\/\/www.edwardcrabbe.be\/public\/lupcycling\/\",\"name\":\"L\u2019upcycling - Edward Crabbe - Artisan cr\u00e9ateur\",\"isPartOf\":{\"@id\":\"https:\/\/www.edwardcrabbe.be\/public\/#website\"},\"primaryImageOfPage\":{\"@id\":\"https:\/\/www.edwardcrabbe.be\/public\/lupcycling\/#primaryimage\"},\"image\":{\"@id\":\"https:\/\/www.edwardcrabbe.be\/public\/lupcycling\/#primaryimage\"},\"thumbnailUrl\":\"https:\/\/www.edwardcrabbe.be\/public\/wp-content\/uploads\/2024\/03\/395111363_1492574011518980_446567136544681285_n_22-1024x1024.jpg\",\"datePublished\":\"2024-03-10T20:02:20+00:00\",\"dateModified\":\"2024-03-13T12:56:03+00:00\",\"description\":\"L\u2019upcycling, \u00e9galement appel\u00e9 surcyclage, consiste \u00e0 recycler par le haut. Cette pratique s\u2019inscrit dans une d\u00e9marche de d\u00e9veloppement durable et d\u2019\u00e9conomie circulaire.\",\"breadcrumb\":{\"@id\":\"https:\/\/www.edwardcrabbe.be\/public\/lupcycling\/#breadcrumb\"},\"inLanguage\":\"fr-BE\",\"potentialAction\":[{\"@type\":\"ReadAction\",\"target\":[\"https:\/\/www.edwardcrabbe.be\/public\/lupcycling\/\"]}]},{\"@type\":\"ImageObject\",\"inLanguage\":\"fr-BE\",\"@id\":\"https:\/\/www.edwardcrabbe.be\/public\/lupcycling\/#primaryimage\",\"url\":\"https:\/\/www.edwardcrabbe.be\/public\/wp-content\/uploads\/2024\/03\/395111363_1492574011518980_446567136544681285_n_22.jpg\",\"contentUrl\":\"https:\/\/www.edwardcrabbe.be\/public\/wp-content\/uploads\/2024\/03\/395111363_1492574011518980_446567136544681285_n_22.jpg\",\"width\":1148,\"height\":1148},{\"@type\":\"BreadcrumbList\",\"@id\":\"https:\/\/www.edwardcrabbe.be\/public\/lupcycling\/#breadcrumb\",\"itemListElement\":[{\"@type\":\"ListItem\",\"position\":1,\"name\":\"Accueil\",\"item\":\"https:\/\/www.edwardcrabbe.be\/public\/\"},{\"@type\":\"ListItem\",\"position\":2,\"name\":\"L\u2019upcycling\"}]},{\"@type\":\"WebSite\",\"@id\":\"https:\/\/www.edwardcrabbe.be\/public\/#website\",\"url\":\"https:\/\/www.edwardcrabbe.be\/public\/\",\"name\":\"Edward Crabbe - Artisan cr\u00e9ateur\",\"description\":\"\",\"publisher\":{\"@id\":\"https:\/\/www.edwardcrabbe.be\/public\/#organization\"},\"potentialAction\":[{\"@type\":\"SearchAction\",\"target\":{\"@type\":\"EntryPoint\",\"urlTemplate\":\"https:\/\/www.edwardcrabbe.be\/public\/?s={search_term_string}\"},\"query-input\":\"required name=search_term_string\"}],\"inLanguage\":\"fr-BE\"},{\"@type\":\"Organization\",\"@id\":\"https:\/\/www.edwardcrabbe.be\/public\/#organization\",\"name\":\"Edward Crabbe - Artisan cr\u00e9ateur\",\"url\":\"https:\/\/www.edwardcrabbe.be\/public\/\",\"logo\":{\"@type\":\"ImageObject\",\"inLanguage\":\"fr-BE\",\"@id\":\"https:\/\/www.edwardcrabbe.be\/public\/#\/schema\/logo\/image\/\",\"url\":\"https:\/\/www.edwardcrabbe.be\/public\/wp-content\/uploads\/2024\/03\/280338780_10160212788174310_4684229033592049480_n.jpeg\",\"contentUrl\":\"https:\/\/www.edwardcrabbe.be\/public\/wp-content\/uploads\/2024\/03\/280338780_10160212788174310_4684229033592049480_n.jpeg\",\"width\":956,\"height\":960,\"caption\":\"Edward Crabbe - Artisan cr\u00e9ateur\"},\"image\":{\"@id\":\"https:\/\/www.edwardcrabbe.be\/public\/#\/schema\/logo\/image\/\"},\"sameAs\":[\"https:\/\/www.facebook.com\/edward.crabbe\"]}]}<\/script>\n<!-- \/ Yoast SEO plugin. -->","yoast_head_json":{"title":"L\u2019upcycling - Edward Crabbe - Artisan cr\u00e9ateur","description":"L\u2019upcycling, \u00e9galement appel\u00e9 surcyclage, consiste \u00e0 recycler par le haut. Cette pratique s\u2019inscrit dans une d\u00e9marche de d\u00e9veloppement durable et d\u2019\u00e9conomie circulaire.","robots":{"index":"index","follow":"follow","max-snippet":"max-snippet:-1","max-image-preview":"max-image-preview:large","max-video-preview":"max-video-preview:-1"},"canonical":"https:\/\/www.edwardcrabbe.be\/public\/lupcycling\/","og_locale":"fr_FR","og_type":"article","og_title":"L\u2019upcycling","og_description":"L\u2019upcycling, \u00e9galement appel\u00e9 surcyclage, consiste \u00e0 recycler par le haut. Cette pratique s\u2019inscrit dans une d\u00e9marche de d\u00e9veloppement durable et d\u2019\u00e9conomie circulaire.","og_url":"https:\/\/www.edwardcrabbe.be\/public\/lupcycling\/","og_site_name":"Edward Crabbe - Artisan cr\u00e9ateur","article_publisher":"https:\/\/www.facebook.com\/edward.crabbe","article_modified_time":"2024-03-13T12:56:03+00:00","og_image":[{"width":1148,"height":1148,"url":"https:\/\/www.edwardcrabbe.be\/public\/wp-content\/uploads\/2024\/03\/395111363_1492574011518980_446567136544681285_n_22.jpg","type":"image\/jpeg"}],"twitter_card":"summary_large_image","twitter_misc":{"Dur\u00e9e de lecture est.":"1 minute"},"schema":{"@context":"https:\/\/schema.org","@graph":[{"@type":"WebPage","@id":"https:\/\/www.edwardcrabbe.be\/public\/lupcycling\/","url":"https:\/\/www.edwardcrabbe.be\/public\/lupcycling\/","name":"L\u2019upcycling - Edward Crabbe - Artisan cr\u00e9ateur","isPartOf":{"@id":"https:\/\/www.edwardcrabbe.be\/public\/#website"},"primaryImageOfPage":{"@id":"https:\/\/www.edwardcrabbe.be\/public\/lupcycling\/#primaryimage"},"image":{"@id":"https:\/\/www.edwardcrabbe.be\/public\/lupcycling\/#primaryimage"},"thumbnailUrl":"https:\/\/www.edwardcrabbe.be\/public\/wp-content\/uploads\/2024\/03\/395111363_1492574011518980_446567136544681285_n_22-1024x1024.jpg","datePublished":"2024-03-10T20:02:20+00:00","dateModified":"2024-03-13T12:56:03+00:00","description":"L\u2019upcycling, \u00e9galement appel\u00e9 surcyclage, consiste \u00e0 recycler par le haut. Cette pratique s\u2019inscrit dans une d\u00e9marche de d\u00e9veloppement durable et d\u2019\u00e9conomie circulaire.","breadcrumb":{"@id":"https:\/\/www.edwardcrabbe.be\/public\/lupcycling\/#breadcrumb"},"inLanguage":"fr-BE","potentialAction":[{"@type":"ReadAction","target":["https:\/\/www.edwardcrabbe.be\/public\/lupcycling\/"]}]},{"@type":"ImageObject","inLanguage":"fr-BE","@id":"https:\/\/www.edwardcrabbe.be\/public\/lupcycling\/#primaryimage","url":"https:\/\/www.edwardcrabbe.be\/public\/wp-content\/uploads\/2024\/03\/395111363_1492574011518980_446567136544681285_n_22.jpg","contentUrl":"https:\/\/www.edwardcrabbe.be\/public\/wp-content\/uploads\/2024\/03\/395111363_1492574011518980_446567136544681285_n_22.jpg","width":1148,"height":1148},{"@type":"BreadcrumbList","@id":"https:\/\/www.edwardcrabbe.be\/public\/lupcycling\/#breadcrumb","itemListElement":[{"@type":"ListItem","position":1,"name":"Accueil","item":"https:\/\/www.edwardcrabbe.be\/public\/"},{"@type":"ListItem","position":2,"name":"L\u2019upcycling"}]},{"@type":"WebSite","@id":"https:\/\/www.edwardcrabbe.be\/public\/#website","url":"https:\/\/www.edwardcrabbe.be\/public\/","name":"Edward Crabbe - Artisan cr\u00e9ateur","description":"","publisher":{"@id":"https:\/\/www.edwardcrabbe.be\/public\/#organization"},"potentialAction":[{"@type":"SearchAction","target":{"@type":"EntryPoint","urlTemplate":"https:\/\/www.edwardcrabbe.be\/public\/?s={search_term_string}"},"query-input":"required name=search_term_string"}],"inLanguage":"fr-BE"},{"@type":"Organization","@id":"https:\/\/www.edwardcrabbe.be\/public\/#organization","name":"Edward Crabbe - Artisan cr\u00e9ateur","url":"https:\/\/www.edwardcrabbe.be\/public\/","logo":{"@type":"ImageObject","inLanguage":"fr-BE","@id":"https:\/\/www.edwardcrabbe.be\/public\/#\/schema\/logo\/image\/","url":"https:\/\/www.edwardcrabbe.be\/public\/wp-content\/uploads\/2024\/03\/280338780_10160212788174310_4684229033592049480_n.jpeg","contentUrl":"https:\/\/www.edwardcrabbe.be\/public\/wp-content\/uploads\/2024\/03\/280338780_10160212788174310_4684229033592049480_n.jpeg","width":956,"height":960,"caption":"Edward Crabbe - Artisan cr\u00e9ateur"},"image":{"@id":"https:\/\/www.edwardcrabbe.be\/public\/#\/schema\/logo\/image\/"},"sameAs":["https:\/\/www.facebook.com\/edward.crabbe"]}]}},"_links":{"self":[{"href":"https:\/\/www.edwardcrabbe.be\/public\/wp-json\/wp\/v2\/pages\/234","targetHints":{"allow":["GET"]}}],"collection":[{"href":"https:\/\/www.edwardcrabbe.be\/public\/wp-json\/wp\/v2\/pages"}],"about":[{"href":"https:\/\/www.edwardcrabbe.be\/public\/wp-json\/wp\/v2\/types\/page"}],"author":[{"embeddable":true,"href":"https:\/\/www.edwardcrabbe.be\/public\/wp-json\/wp\/v2\/users\/1"}],"replies":[{"embeddable":true,"href":"https:\/\/www.edwardcrabbe.be\/public\/wp-json\/wp\/v2\/comments?post=234"}],"version-history":[{"count":5,"href":"https:\/\/www.edwardcrabbe.be\/public\/wp-json\/wp\/v2\/pages\/234\/revisions"}],"predecessor-version":[{"id":242,"href":"https:\/\/www.edwardcrabbe.be\/public\/wp-json\/wp\/v2\/pages\/234\/revisions\/242"}],"wp:attachment":[{"href":"https:\/\/www.edwardcrabbe.be\/public\/wp-json\/wp\/v2\/media?parent=234"}],"curies":[{"name":"wp","href":"https:\/\/api.w.org\/{rel}","templated":true}]}}