{"id":24,"date":"2024-03-10T16:23:12","date_gmt":"2024-03-10T15:23:12","guid":{"rendered":"https:\/\/www.edwardcrabbe.be\/public\/?page_id=24"},"modified":"2024-03-18T08:51:46","modified_gmt":"2024-03-18T07:51:46","slug":"les-bacs-de-culture","status":"publish","type":"page","link":"https:\/\/www.edwardcrabbe.be\/public\/les-bacs-de-culture\/","title":{"rendered":"Les bacs de culture"},"content":{"rendered":"\n<div class=\"wp-block-media-text is-stacked-on-mobile\" style=\"margin-top:var(--wp--preset--spacing--70);margin-right:var(--wp--preset--spacing--70);margin-bottom:var(--wp--preset--spacing--70);margin-left:var(--wp--preset--spacing--70)\"><figure class=\"wp-block-media-text__media\"><img loading=\"lazy\" decoding=\"async\" width=\"1024\" height=\"903\" src=\"https:\/\/www.edwardcrabbe.be\/public\/wp-content\/uploads\/2024\/03\/20240306_162356-1024x903.jpg\" alt=\"\" class=\"wp-image-20 size-full\" srcset=\"https:\/\/www.edwardcrabbe.be\/public\/wp-content\/uploads\/2024\/03\/20240306_162356-1024x903.jpg 1024w, https:\/\/www.edwardcrabbe.be\/public\/wp-content\/uploads\/2024\/03\/20240306_162356-300x264.jpg 300w, https:\/\/www.edwardcrabbe.be\/public\/wp-content\/uploads\/2024\/03\/20240306_162356-768x677.jpg 768w, https:\/\/www.edwardcrabbe.be\/public\/wp-content\/uploads\/2024\/03\/20240306_162356-1536x1354.jpg 1536w, https:\/\/www.edwardcrabbe.be\/public\/wp-content\/uploads\/2024\/03\/20240306_162356-2048x1805.jpg 2048w\" sizes=\"auto, (max-width: 1024px) 100vw, 1024px\" \/><\/figure><div class=\"wp-block-media-text__content\">\n<h1 class=\"wp-block-heading\"><strong>Les bacs de culture en bois de palettes (<a href=\"https:\/\/www.edwardcrabbe.be\/public\/lupcycling\/\">upcycling<\/a>) sont une solution cr\u00e9ative pour cultiver vos plantes, vos l\u00e9gumes et vos herbes.<\/strong><\/h1>\n\n\n\n<p class=\"has-medium-font-size\"><strong>Potager vertical&nbsp;ou Potager sur\u00e9lev\u00e9<\/strong> : id\u00e9al pour y cultiver des herbes, des fraises, des tomates, des salades, etc.<br><\/p>\n\n\n\n<p class=\"has-medium-font-size\"><strong>Jardin aromatique<\/strong>\u00a0: id\u00e9al pour y planter des herbes aromatiques comme le basilic, la menthe, le persil, la ciboulette ainsi que des plantes m\u00e9dicinales.<br><\/p>\n\n\n\n<p class=\"has-medium-font-size\"><strong>Fleurs et plantes ornementales<\/strong>&nbsp;: Les bacs en bois peuvent \u00e9galement accueillir des fleurs color\u00e9es ou des plantes succulentes.<\/p>\n\n\n\n<p class=\"has-medium-font-size\"><strong>Mes bacs de culture sont r\u00e9alis\u00e9s sur mesure en fonction de vos besoins, envies et espaces.<\/strong><br><a href=\"https:\/\/www.edwardcrabbe.be\/public\/edward-crabbe\/\">Contactez moi pour discuter de votre projet de culture<\/a><\/p>\n\n\n\n<p class=\"has-medium-font-size\"><a href=\"https:\/\/www.edwardcrabbe.be\/public\/la-protection-du-bois-a-lhuile-de-lin\/\">Mes cr\u00e9ations sont prot\u00e9g\u00e9es \u00e0 l&rsquo;huile de lin<\/a><\/p>\n<\/div><\/div>\n\n\n\n<div class=\"wp-block-columns is-layout-flex wp-container-core-columns-is-layout-28f84493 wp-block-columns-is-layout-flex\">\n<div class=\"wp-block-column is-layout-flow wp-block-column-is-layout-flow\">\n<h2 class=\"wp-block-heading\">Bac de culture<\/h2>\n\n\n\n<p>Id\u00e9al pour planter deux ou trois plantes aromatiques, m\u00e9dicinales ou des fleurs, &#8230;<\/p>\n\n\n\n<figure class=\"wp-block-image size-large\"><img loading=\"lazy\" decoding=\"async\" width=\"1704\" height=\"1703\" src=\"https:\/\/www.edwardcrabbe.be\/public\/wp-content\/uploads\/2024\/03\/20240306_163110-edited.jpg\" alt=\"\" class=\"wp-image-29\" srcset=\"https:\/\/www.edwardcrabbe.be\/public\/wp-content\/uploads\/2024\/03\/20240306_163110-edited.jpg 1704w, https:\/\/www.edwardcrabbe.be\/public\/wp-content\/uploads\/2024\/03\/20240306_163110-edited-300x300.jpg 300w, https:\/\/www.edwardcrabbe.be\/public\/wp-content\/uploads\/2024\/03\/20240306_163110-edited-1024x1024.jpg 1024w, https:\/\/www.edwardcrabbe.be\/public\/wp-content\/uploads\/2024\/03\/20240306_163110-edited-150x150.jpg 150w, https:\/\/www.edwardcrabbe.be\/public\/wp-content\/uploads\/2024\/03\/20240306_163110-edited-768x768.jpg 768w, https:\/\/www.edwardcrabbe.be\/public\/wp-content\/uploads\/2024\/03\/20240306_163110-edited-1536x1536.jpg 1536w\" sizes=\"auto, (max-width: 1704px) 100vw, 1704px\" \/><\/figure>\n\n\n\n<p><br>Dimensions : L 32 x h 20<\/p>\n<\/div>\n\n\n\n<div class=\"wp-block-column is-layout-flow wp-block-column-is-layout-flow\">\n<h2 class=\"wp-block-heading\">Bac de culture<\/h2>\n\n\n\n<p>Id\u00e9al pour planter deux ou trois plantes aromatique, m\u00e9dicinales ou des fleurs, &#8230;<\/p>\n\n\n\n<figure class=\"wp-block-image size-large\"><img loading=\"lazy\" decoding=\"async\" width=\"1904\" height=\"1904\" src=\"https:\/\/www.edwardcrabbe.be\/public\/wp-content\/uploads\/2024\/03\/20240306_163155-edited.jpg\" alt=\"\" class=\"wp-image-30\" srcset=\"https:\/\/www.edwardcrabbe.be\/public\/wp-content\/uploads\/2024\/03\/20240306_163155-edited.jpg 1904w, https:\/\/www.edwardcrabbe.be\/public\/wp-content\/uploads\/2024\/03\/20240306_163155-edited-300x300.jpg 300w, https:\/\/www.edwardcrabbe.be\/public\/wp-content\/uploads\/2024\/03\/20240306_163155-edited-1024x1024.jpg 1024w, https:\/\/www.edwardcrabbe.be\/public\/wp-content\/uploads\/2024\/03\/20240306_163155-edited-150x150.jpg 150w, https:\/\/www.edwardcrabbe.be\/public\/wp-content\/uploads\/2024\/03\/20240306_163155-edited-768x768.jpg 768w, https:\/\/www.edwardcrabbe.be\/public\/wp-content\/uploads\/2024\/03\/20240306_163155-edited-1536x1536.jpg 1536w\" sizes=\"auto, (max-width: 1904px) 100vw, 1904px\" \/><\/figure>\n\n\n\n<p><br>Dimensions : L 49 x h 20<\/p>\n<\/div>\n\n\n\n<div class=\"wp-block-column is-layout-flow wp-block-column-is-layout-flow\">\n<h2 class=\"wp-block-heading\">Bac de culture<\/h2>\n\n\n\n<p>Id\u00e9al pour planter des tomates, petit poids, framboisier, mais aussi de petits arbustes<\/p>\n\n\n\n<figure class=\"wp-block-image size-large\"><img loading=\"lazy\" decoding=\"async\" width=\"1968\" height=\"1967\" src=\"https:\/\/www.edwardcrabbe.be\/public\/wp-content\/uploads\/2024\/03\/20240306_162926-edited.jpg\" alt=\"\" class=\"wp-image-31\" srcset=\"https:\/\/www.edwardcrabbe.be\/public\/wp-content\/uploads\/2024\/03\/20240306_162926-edited.jpg 1968w, https:\/\/www.edwardcrabbe.be\/public\/wp-content\/uploads\/2024\/03\/20240306_162926-edited-300x300.jpg 300w, https:\/\/www.edwardcrabbe.be\/public\/wp-content\/uploads\/2024\/03\/20240306_162926-edited-1024x1024.jpg 1024w, https:\/\/www.edwardcrabbe.be\/public\/wp-content\/uploads\/2024\/03\/20240306_162926-edited-150x150.jpg 150w, https:\/\/www.edwardcrabbe.be\/public\/wp-content\/uploads\/2024\/03\/20240306_162926-edited-768x768.jpg 768w, https:\/\/www.edwardcrabbe.be\/public\/wp-content\/uploads\/2024\/03\/20240306_162926-edited-1536x1536.jpg 1536w\" sizes=\"auto, (max-width: 1968px) 100vw, 1968px\" \/><\/figure>\n\n\n\n<p><br>Dimensions : L 55 x H 32 <\/p>\n<\/div>\n<\/div>\n\n\n\n<div class=\"wp-block-columns is-layout-flex wp-container-core-columns-is-layout-28f84493 wp-block-columns-is-layout-flex\">\n<div class=\"wp-block-column is-layout-flow wp-block-column-is-layout-flow\">\n<h2 class=\"wp-block-heading\">Bac de culture<\/h2>\n\n\n\n<p>Id\u00e9al pour planter des tomates, petit poids, framboisiers mais aussi de petit arbustes<\/p>\n\n\n\n<figure class=\"wp-block-image size-large\"><img loading=\"lazy\" decoding=\"async\" width=\"1999\" height=\"1999\" src=\"https:\/\/www.edwardcrabbe.be\/public\/wp-content\/uploads\/2024\/03\/20240306_163022-edited.jpg\" alt=\"\" class=\"wp-image-51\" srcset=\"https:\/\/www.edwardcrabbe.be\/public\/wp-content\/uploads\/2024\/03\/20240306_163022-edited.jpg 1999w, https:\/\/www.edwardcrabbe.be\/public\/wp-content\/uploads\/2024\/03\/20240306_163022-edited-300x300.jpg 300w, https:\/\/www.edwardcrabbe.be\/public\/wp-content\/uploads\/2024\/03\/20240306_163022-edited-1024x1024.jpg 1024w, https:\/\/www.edwardcrabbe.be\/public\/wp-content\/uploads\/2024\/03\/20240306_163022-edited-150x150.jpg 150w, https:\/\/www.edwardcrabbe.be\/public\/wp-content\/uploads\/2024\/03\/20240306_163022-edited-768x768.jpg 768w, https:\/\/www.edwardcrabbe.be\/public\/wp-content\/uploads\/2024\/03\/20240306_163022-edited-1536x1536.jpg 1536w\" sizes=\"auto, (max-width: 1999px) 100vw, 1999px\" \/><\/figure>\n\n\n\n<p><br>Dimensions : L 55 x H 34 <\/p>\n<\/div>\n\n\n\n<div class=\"wp-block-column is-layout-flow wp-block-column-is-layout-flow\">\n<h2 class=\"wp-block-heading\">Bac de culture<\/h2>\n\n\n\n<p>Id\u00e9al pour planter des tomates, petit poids, framboisiers mais aussi de petit arbustes tel que hortensia<\/p>\n\n\n\n<figure class=\"wp-block-image size-large\"><img loading=\"lazy\" decoding=\"async\" width=\"2011\" height=\"2012\" src=\"https:\/\/www.edwardcrabbe.be\/public\/wp-content\/uploads\/2024\/03\/20240306_162836-edited.jpg\" alt=\"\" class=\"wp-image-44\" srcset=\"https:\/\/www.edwardcrabbe.be\/public\/wp-content\/uploads\/2024\/03\/20240306_162836-edited.jpg 2011w, https:\/\/www.edwardcrabbe.be\/public\/wp-content\/uploads\/2024\/03\/20240306_162836-edited-300x300.jpg 300w, https:\/\/www.edwardcrabbe.be\/public\/wp-content\/uploads\/2024\/03\/20240306_162836-edited-1024x1024.jpg 1024w, https:\/\/www.edwardcrabbe.be\/public\/wp-content\/uploads\/2024\/03\/20240306_162836-edited-150x150.jpg 150w, https:\/\/www.edwardcrabbe.be\/public\/wp-content\/uploads\/2024\/03\/20240306_162836-edited-768x768.jpg 768w, https:\/\/www.edwardcrabbe.be\/public\/wp-content\/uploads\/2024\/03\/20240306_162836-edited-1536x1536.jpg 1536w\" sizes=\"auto, (max-width: 2011px) 100vw, 2011px\" \/><\/figure>\n\n\n\n<p><br>Dimensions : L 50 x H 50 x P 50<\/p>\n<\/div>\n\n\n\n<div class=\"wp-block-column is-layout-flow wp-block-column-is-layout-flow\">\n<h2 class=\"wp-block-heading\">Potager sur\u00e9lev\u00e9<\/h2>\n\n\n\n<p>Id\u00e9al pour se cr\u00e9er un petit potager et faire pousser en fonction de la profondeur de terre diff\u00e9rentes l\u00e9gumes<br><\/p>\n\n\n\n<figure class=\"wp-block-image size-large\"><img loading=\"lazy\" decoding=\"async\" width=\"1024\" height=\"1024\" src=\"https:\/\/www.edwardcrabbe.be\/public\/wp-content\/uploads\/2024\/03\/20231022_164622-scaled-e1710084941586-1024x1024.jpg\" alt=\"\" class=\"wp-image-35\" srcset=\"https:\/\/www.edwardcrabbe.be\/public\/wp-content\/uploads\/2024\/03\/20231022_164622-scaled-e1710084941586-1024x1024.jpg 1024w, https:\/\/www.edwardcrabbe.be\/public\/wp-content\/uploads\/2024\/03\/20231022_164622-scaled-e1710084941586-300x300.jpg 300w, https:\/\/www.edwardcrabbe.be\/public\/wp-content\/uploads\/2024\/03\/20231022_164622-scaled-e1710084941586-150x150.jpg 150w, https:\/\/www.edwardcrabbe.be\/public\/wp-content\/uploads\/2024\/03\/20231022_164622-scaled-e1710084941586-768x768.jpg 768w, https:\/\/www.edwardcrabbe.be\/public\/wp-content\/uploads\/2024\/03\/20231022_164622-scaled-e1710084941586.jpg 1152w\" sizes=\"auto, (max-width: 1024px) 100vw, 1024px\" \/><\/figure>\n\n\n\n<p> <br>Dimensions : L 100 x P 60<\/p>\n<\/div>\n<\/div>\n\n\n\n<div class=\"wp-block-columns is-layout-flex wp-container-core-columns-is-layout-28f84493 wp-block-columns-is-layout-flex\">\n<div class=\"wp-block-column is-layout-flow wp-block-column-is-layout-flow\">\n<p><\/p>\n\n\n\n<p><\/p>\n<\/div>\n\n\n\n<div class=\"wp-block-column is-layout-flow wp-block-column-is-layout-flow\">\n<h2 class=\"wp-block-heading\"><strong>Potager vertical<\/strong><\/h2>\n\n\n\n<p>Id\u00e9al pour la plantation de fleurs, d&rsquo;herbes aromatiques ou m\u00e9dicinales, mais aussi gr\u00e2ce \u00e0 son bac plus profond aux tomates\u2026<br><\/p>\n\n\n\n<figure class=\"wp-block-image size-large\"><img loading=\"lazy\" decoding=\"async\" width=\"591\" height=\"1024\" src=\"https:\/\/www.edwardcrabbe.be\/public\/wp-content\/uploads\/2024\/03\/20240306_162512-591x1024.jpg\" alt=\"\" class=\"wp-image-19\" srcset=\"https:\/\/www.edwardcrabbe.be\/public\/wp-content\/uploads\/2024\/03\/20240306_162512-591x1024.jpg 591w, https:\/\/www.edwardcrabbe.be\/public\/wp-content\/uploads\/2024\/03\/20240306_162512-173x300.jpg 173w, https:\/\/www.edwardcrabbe.be\/public\/wp-content\/uploads\/2024\/03\/20240306_162512-768x1330.jpg 768w, https:\/\/www.edwardcrabbe.be\/public\/wp-content\/uploads\/2024\/03\/20240306_162512-887x1536.jpg 887w, https:\/\/www.edwardcrabbe.be\/public\/wp-content\/uploads\/2024\/03\/20240306_162512-1183x2048.jpg 1183w, https:\/\/www.edwardcrabbe.be\/public\/wp-content\/uploads\/2024\/03\/20240306_162512-scaled.jpg 1479w\" sizes=\"auto, (max-width: 591px) 100vw, 591px\" \/><\/figure>\n\n\n\n<p>Dimensions : L 75 \u00d7 H 120<\/p>\n<\/div>\n\n\n\n<div class=\"wp-block-column is-layout-flow wp-block-column-is-layout-flow\">\n<p><\/p>\n\n\n\n<p><\/p>\n<\/div>\n<\/div>\n\n\n\n<h3 class=\"wp-block-heading has-text-align-center\"><a href=\"https:\/\/www.edwardcrabbe.be\/public\/edward-crabbe\/\">Contactez-moi pour discuter de votre projet de culture sur mesure<\/a><\/h3>\n","protected":false},"excerpt":{"rendered":"<p>Les bacs de culture en bois de palettes (upcycling) sont une solution cr\u00e9ative pour cultiver vos plantes, vos l\u00e9gumes et [&hellip;]<\/p>\n","protected":false},"author":1,"featured_media":0,"parent":0,"menu_order":0,"comment_status":"closed","ping_status":"closed","template":"","meta":{"site-sidebar-layout":"default","site-content-layout":"","ast-site-content-layout":"","site-content-style":"default","site-sidebar-style":"default","ast-global-header-display":"","ast-banner-title-visibility":"","ast-main-header-display":"","ast-hfb-above-header-display":"","ast-hfb-below-header-display":"","ast-hfb-mobile-header-display":"","site-post-title":"disabled","ast-breadcrumbs-content":"","ast-featured-img":"","footer-sml-layout":"","theme-transparent-header-meta":"","adv-header-id-meta":"","stick-header-meta":"","header-above-stick-meta":"","header-main-stick-meta":"","header-below-stick-meta":"","astra-migrate-meta-layouts":"default","ast-page-background-enabled":"default","ast-page-background-meta":{"desktop":{"background-color":"var(--ast-global-color-4)","background-image":"","background-repeat":"repeat","background-position":"center center","background-size":"auto","background-attachment":"scroll","background-type":"","background-media":"","overlay-type":"","overlay-color":"","overlay-gradient":""},"tablet":{"background-color":"","background-image":"","background-repeat":"repeat","background-position":"center center","background-size":"auto","background-attachment":"scroll","background-type":"","background-media":"","overlay-type":"","overlay-color":"","overlay-gradient":""},"mobile":{"background-color":"","background-image":"","background-repeat":"repeat","background-position":"center center","background-size":"auto","background-attachment":"scroll","background-type":"","background-media":"","overlay-type":"","overlay-color":"","overlay-gradient":""}},"ast-content-background-meta":{"desktop":{"background-color":"var(--ast-global-color-5)","background-image":"","background-repeat":"repeat","background-position":"center center","background-size":"auto","background-attachment":"scroll","background-type":"","background-media":"","overlay-type":"","overlay-color":"","overlay-gradient":""},"tablet":{"background-color":"var(--ast-global-color-5)","background-image":"","background-repeat":"repeat","background-position":"center center","background-size":"auto","background-attachment":"scroll","background-type":"","background-media":"","overlay-type":"","overlay-color":"","overlay-gradient":""},"mobile":{"background-color":"var(--ast-global-color-5)","background-image":"","background-repeat":"repeat","background-position":"center center","background-size":"auto","background-attachment":"scroll","background-type":"","background-media":"","overlay-type":"","overlay-color":"","overlay-gradient":""}},"footnotes":""},"class_list":["post-24","page","type-page","status-publish","hentry"],"yoast_head":"<!-- This site is optimized with the Yoast SEO plugin v22.2 - https:\/\/yoast.com\/wordpress\/plugins\/seo\/ -->\n<title>Les bacs de culture - Edward Crabbe - Artisan cr\u00e9ateur<\/title>\n<meta name=\"description\" content=\"Les bacs de culture en bois de palettes (upcycling) sont une solution cr\u00e9ative pour cultiver vos plantes,\u00a0vos\u00a0l\u00e9gumes et\u00a0vos\u00a0herbes.\" \/>\n<meta name=\"robots\" content=\"index, follow, max-snippet:-1, max-image-preview:large, max-video-preview:-1\" \/>\n<link rel=\"canonical\" href=\"https:\/\/www.edwardcrabbe.be\/public\/les-bacs-de-culture\/\" \/>\n<meta property=\"og:locale\" content=\"fr_FR\" \/>\n<meta property=\"og:type\" content=\"article\" \/>\n<meta property=\"og:title\" content=\"Les bacs de culture en bois\" \/>\n<meta property=\"og:description\" content=\"Les bacs de culture en bois de palettes (upcycling) sont une solution cr\u00e9ative pour cultiver vos plantes,\u00a0vos\u00a0l\u00e9gumes et\u00a0vos\u00a0herbes.\" \/>\n<meta property=\"og:url\" content=\"https:\/\/www.edwardcrabbe.be\/public\/les-bacs-de-culture\/\" \/>\n<meta property=\"og:site_name\" content=\"Edward Crabbe - Artisan cr\u00e9ateur\" \/>\n<meta property=\"article:publisher\" content=\"https:\/\/www.facebook.com\/edward.crabbe\" \/>\n<meta property=\"article:modified_time\" content=\"2024-03-18T07:51:46+00:00\" \/>\n<meta property=\"og:image\" content=\"https:\/\/www.edwardcrabbe.be\/public\/wp-content\/uploads\/2024\/03\/20240306_162356-edited.jpg\" \/>\n\t<meta property=\"og:image:width\" content=\"2082\" \/>\n\t<meta property=\"og:image:height\" content=\"2081\" \/>\n\t<meta property=\"og:image:type\" content=\"image\/jpeg\" \/>\n<meta name=\"twitter:card\" content=\"summary_large_image\" \/>\n<meta name=\"twitter:label1\" content=\"Dur\u00e9e de lecture est.\" \/>\n\t<meta name=\"twitter:data1\" content=\"4 minutes\" \/>\n<script type=\"application\/ld+json\" class=\"yoast-schema-graph\">{\"@context\":\"https:\/\/schema.org\",\"@graph\":[{\"@type\":\"WebPage\",\"@id\":\"https:\/\/www.edwardcrabbe.be\/public\/les-bacs-de-culture\/\",\"url\":\"https:\/\/www.edwardcrabbe.be\/public\/les-bacs-de-culture\/\",\"name\":\"Les bacs de culture - Edward Crabbe - Artisan cr\u00e9ateur\",\"isPartOf\":{\"@id\":\"https:\/\/www.edwardcrabbe.be\/public\/#website\"},\"primaryImageOfPage\":{\"@id\":\"https:\/\/www.edwardcrabbe.be\/public\/les-bacs-de-culture\/#primaryimage\"},\"image\":{\"@id\":\"https:\/\/www.edwardcrabbe.be\/public\/les-bacs-de-culture\/#primaryimage\"},\"thumbnailUrl\":\"https:\/\/www.edwardcrabbe.be\/public\/wp-content\/uploads\/2024\/03\/20240306_162356-1024x903.jpg\",\"datePublished\":\"2024-03-10T15:23:12+00:00\",\"dateModified\":\"2024-03-18T07:51:46+00:00\",\"description\":\"Les bacs de culture en bois de palettes (upcycling) sont une solution cr\u00e9ative pour cultiver vos plantes,\u00a0vos\u00a0l\u00e9gumes et\u00a0vos\u00a0herbes.\",\"breadcrumb\":{\"@id\":\"https:\/\/www.edwardcrabbe.be\/public\/les-bacs-de-culture\/#breadcrumb\"},\"inLanguage\":\"fr-BE\",\"potentialAction\":[{\"@type\":\"ReadAction\",\"target\":[\"https:\/\/www.edwardcrabbe.be\/public\/les-bacs-de-culture\/\"]}]},{\"@type\":\"ImageObject\",\"inLanguage\":\"fr-BE\",\"@id\":\"https:\/\/www.edwardcrabbe.be\/public\/les-bacs-de-culture\/#primaryimage\",\"url\":\"https:\/\/www.edwardcrabbe.be\/public\/wp-content\/uploads\/2024\/03\/20240306_162356.jpg\",\"contentUrl\":\"https:\/\/www.edwardcrabbe.be\/public\/wp-content\/uploads\/2024\/03\/20240306_162356.jpg\",\"width\":2361,\"height\":2081},{\"@type\":\"BreadcrumbList\",\"@id\":\"https:\/\/www.edwardcrabbe.be\/public\/les-bacs-de-culture\/#breadcrumb\",\"itemListElement\":[{\"@type\":\"ListItem\",\"position\":1,\"name\":\"Accueil\",\"item\":\"https:\/\/www.edwardcrabbe.be\/public\/\"},{\"@type\":\"ListItem\",\"position\":2,\"name\":\"Les bacs de culture\"}]},{\"@type\":\"WebSite\",\"@id\":\"https:\/\/www.edwardcrabbe.be\/public\/#website\",\"url\":\"https:\/\/www.edwardcrabbe.be\/public\/\",\"name\":\"Edward Crabbe - Artisan cr\u00e9ateur\",\"description\":\"\",\"publisher\":{\"@id\":\"https:\/\/www.edwardcrabbe.be\/public\/#organization\"},\"potentialAction\":[{\"@type\":\"SearchAction\",\"target\":{\"@type\":\"EntryPoint\",\"urlTemplate\":\"https:\/\/www.edwardcrabbe.be\/public\/?s={search_term_string}\"},\"query-input\":\"required name=search_term_string\"}],\"inLanguage\":\"fr-BE\"},{\"@type\":\"Organization\",\"@id\":\"https:\/\/www.edwardcrabbe.be\/public\/#organization\",\"name\":\"Edward Crabbe - Artisan cr\u00e9ateur\",\"url\":\"https:\/\/www.edwardcrabbe.be\/public\/\",\"logo\":{\"@type\":\"ImageObject\",\"inLanguage\":\"fr-BE\",\"@id\":\"https:\/\/www.edwardcrabbe.be\/public\/#\/schema\/logo\/image\/\",\"url\":\"https:\/\/www.edwardcrabbe.be\/public\/wp-content\/uploads\/2024\/03\/280338780_10160212788174310_4684229033592049480_n.jpeg\",\"contentUrl\":\"https:\/\/www.edwardcrabbe.be\/public\/wp-content\/uploads\/2024\/03\/280338780_10160212788174310_4684229033592049480_n.jpeg\",\"width\":956,\"height\":960,\"caption\":\"Edward Crabbe - Artisan cr\u00e9ateur\"},\"image\":{\"@id\":\"https:\/\/www.edwardcrabbe.be\/public\/#\/schema\/logo\/image\/\"},\"sameAs\":[\"https:\/\/www.facebook.com\/edward.crabbe\"]}]}<\/script>\n<!-- \/ Yoast SEO plugin. -->","yoast_head_json":{"title":"Les bacs de culture - Edward Crabbe - Artisan cr\u00e9ateur","description":"Les bacs de culture en bois de palettes (upcycling) sont une solution cr\u00e9ative pour cultiver vos plantes,\u00a0vos\u00a0l\u00e9gumes et\u00a0vos\u00a0herbes.","robots":{"index":"index","follow":"follow","max-snippet":"max-snippet:-1","max-image-preview":"max-image-preview:large","max-video-preview":"max-video-preview:-1"},"canonical":"https:\/\/www.edwardcrabbe.be\/public\/les-bacs-de-culture\/","og_locale":"fr_FR","og_type":"article","og_title":"Les bacs de culture en bois","og_description":"Les bacs de culture en bois de palettes (upcycling) sont une solution cr\u00e9ative pour cultiver vos plantes,\u00a0vos\u00a0l\u00e9gumes et\u00a0vos\u00a0herbes.","og_url":"https:\/\/www.edwardcrabbe.be\/public\/les-bacs-de-culture\/","og_site_name":"Edward Crabbe - Artisan cr\u00e9ateur","article_publisher":"https:\/\/www.facebook.com\/edward.crabbe","article_modified_time":"2024-03-18T07:51:46+00:00","og_image":[{"width":2082,"height":2081,"url":"https:\/\/www.edwardcrabbe.be\/public\/wp-content\/uploads\/2024\/03\/20240306_162356-edited.jpg","type":"image\/jpeg"}],"twitter_card":"summary_large_image","twitter_misc":{"Dur\u00e9e de lecture est.":"4 minutes"},"schema":{"@context":"https:\/\/schema.org","@graph":[{"@type":"WebPage","@id":"https:\/\/www.edwardcrabbe.be\/public\/les-bacs-de-culture\/","url":"https:\/\/www.edwardcrabbe.be\/public\/les-bacs-de-culture\/","name":"Les bacs de culture - Edward Crabbe - Artisan cr\u00e9ateur","isPartOf":{"@id":"https:\/\/www.edwardcrabbe.be\/public\/#website"},"primaryImageOfPage":{"@id":"https:\/\/www.edwardcrabbe.be\/public\/les-bacs-de-culture\/#primaryimage"},"image":{"@id":"https:\/\/www.edwardcrabbe.be\/public\/les-bacs-de-culture\/#primaryimage"},"thumbnailUrl":"https:\/\/www.edwardcrabbe.be\/public\/wp-content\/uploads\/2024\/03\/20240306_162356-1024x903.jpg","datePublished":"2024-03-10T15:23:12+00:00","dateModified":"2024-03-18T07:51:46+00:00","description":"Les bacs de culture en bois de palettes (upcycling) sont une solution cr\u00e9ative pour cultiver vos plantes,\u00a0vos\u00a0l\u00e9gumes et\u00a0vos\u00a0herbes.","breadcrumb":{"@id":"https:\/\/www.edwardcrabbe.be\/public\/les-bacs-de-culture\/#breadcrumb"},"inLanguage":"fr-BE","potentialAction":[{"@type":"ReadAction","target":["https:\/\/www.edwardcrabbe.be\/public\/les-bacs-de-culture\/"]}]},{"@type":"ImageObject","inLanguage":"fr-BE","@id":"https:\/\/www.edwardcrabbe.be\/public\/les-bacs-de-culture\/#primaryimage","url":"https:\/\/www.edwardcrabbe.be\/public\/wp-content\/uploads\/2024\/03\/20240306_162356.jpg","contentUrl":"https:\/\/www.edwardcrabbe.be\/public\/wp-content\/uploads\/2024\/03\/20240306_162356.jpg","width":2361,"height":2081},{"@type":"BreadcrumbList","@id":"https:\/\/www.edwardcrabbe.be\/public\/les-bacs-de-culture\/#breadcrumb","itemListElement":[{"@type":"ListItem","position":1,"name":"Accueil","item":"https:\/\/www.edwardcrabbe.be\/public\/"},{"@type":"ListItem","position":2,"name":"Les bacs de culture"}]},{"@type":"WebSite","@id":"https:\/\/www.edwardcrabbe.be\/public\/#website","url":"https:\/\/www.edwardcrabbe.be\/public\/","name":"Edward Crabbe - Artisan cr\u00e9ateur","description":"","publisher":{"@id":"https:\/\/www.edwardcrabbe.be\/public\/#organization"},"potentialAction":[{"@type":"SearchAction","target":{"@type":"EntryPoint","urlTemplate":"https:\/\/www.edwardcrabbe.be\/public\/?s={search_term_string}"},"query-input":"required name=search_term_string"}],"inLanguage":"fr-BE"},{"@type":"Organization","@id":"https:\/\/www.edwardcrabbe.be\/public\/#organization","name":"Edward Crabbe - Artisan cr\u00e9ateur","url":"https:\/\/www.edwardcrabbe.be\/public\/","logo":{"@type":"ImageObject","inLanguage":"fr-BE","@id":"https:\/\/www.edwardcrabbe.be\/public\/#\/schema\/logo\/image\/","url":"https:\/\/www.edwardcrabbe.be\/public\/wp-content\/uploads\/2024\/03\/280338780_10160212788174310_4684229033592049480_n.jpeg","contentUrl":"https:\/\/www.edwardcrabbe.be\/public\/wp-content\/uploads\/2024\/03\/280338780_10160212788174310_4684229033592049480_n.jpeg","width":956,"height":960,"caption":"Edward Crabbe - Artisan cr\u00e9ateur"},"image":{"@id":"https:\/\/www.edwardcrabbe.be\/public\/#\/schema\/logo\/image\/"},"sameAs":["https:\/\/www.facebook.com\/edward.crabbe"]}]}},"_links":{"self":[{"href":"https:\/\/www.edwardcrabbe.be\/public\/wp-json\/wp\/v2\/pages\/24","targetHints":{"allow":["GET"]}}],"collection":[{"href":"https:\/\/www.edwardcrabbe.be\/public\/wp-json\/wp\/v2\/pages"}],"about":[{"href":"https:\/\/www.edwardcrabbe.be\/public\/wp-json\/wp\/v2\/types\/page"}],"author":[{"embeddable":true,"href":"https:\/\/www.edwardcrabbe.be\/public\/wp-json\/wp\/v2\/users\/1"}],"replies":[{"embeddable":true,"href":"https:\/\/www.edwardcrabbe.be\/public\/wp-json\/wp\/v2\/comments?post=24"}],"version-history":[{"count":41,"href":"https:\/\/www.edwardcrabbe.be\/public\/wp-json\/wp\/v2\/pages\/24\/revisions"}],"predecessor-version":[{"id":425,"href":"https:\/\/www.edwardcrabbe.be\/public\/wp-json\/wp\/v2\/pages\/24\/revisions\/425"}],"wp:attachment":[{"href":"https:\/\/www.edwardcrabbe.be\/public\/wp-json\/wp\/v2\/media?parent=24"}],"curies":[{"name":"wp","href":"https:\/\/api.w.org\/{rel}","templated":true}]}}