{"id":402,"date":"2024-03-17T13:40:12","date_gmt":"2024-03-17T12:40:12","guid":{"rendered":"https:\/\/www.edwardcrabbe.be\/public\/?page_id=402"},"modified":"2024-03-17T14:17:43","modified_gmt":"2024-03-17T13:17:43","slug":"inspirations-jardin","status":"publish","type":"page","link":"https:\/\/www.edwardcrabbe.be\/public\/inspirations-jardin\/","title":{"rendered":"Inspirations jardin"},"content":{"rendered":"\n<div class=\"wp-block-media-text is-stacked-on-mobile\"><figure class=\"wp-block-media-text__media\"><img loading=\"lazy\" decoding=\"async\" width=\"1024\" height=\"462\" src=\"https:\/\/www.edwardcrabbe.be\/public\/wp-content\/uploads\/2024\/03\/20240316_183115-1024x462.jpg\" alt=\"\" class=\"wp-image-406 size-full\" srcset=\"https:\/\/www.edwardcrabbe.be\/public\/wp-content\/uploads\/2024\/03\/20240316_183115-1024x462.jpg 1024w, https:\/\/www.edwardcrabbe.be\/public\/wp-content\/uploads\/2024\/03\/20240316_183115-300x135.jpg 300w, https:\/\/www.edwardcrabbe.be\/public\/wp-content\/uploads\/2024\/03\/20240316_183115-768x346.jpg 768w, https:\/\/www.edwardcrabbe.be\/public\/wp-content\/uploads\/2024\/03\/20240316_183115-1536x692.jpg 1536w, https:\/\/www.edwardcrabbe.be\/public\/wp-content\/uploads\/2024\/03\/20240316_183115-2048x923.jpg 2048w\" sizes=\"auto, (max-width: 1024px) 100vw, 1024px\" \/><\/figure><div class=\"wp-block-media-text__content\">\n<h1 class=\"wp-block-heading\">Votre Jardin, Votre Style<\/h1>\n\n\n\n<p>Bienvenue dans mon atelier o\u00f9 la cr\u00e9ativit\u00e9 et la durabilit\u00e9 se rencontrent ! Je suis passionn\u00e9 par la transformation des modestes palettes en meubles de jardin. Chaque pi\u00e8ce que je cr\u00e9e est unique, \u00e9cologique et con\u00e7ue pour embellir vos espaces ext\u00e9rieurs.<\/p>\n\n\n\n<p>Que vous ayez un petit balcon ou un vaste jardin, mes meubles en bois de palettes apporteront une touche rustique et chaleureuse \u00e0 votre espace ext\u00e9rieur. Chaque cr\u00e9ation est unique, adapt\u00e9e \u00e0 vos besoins et \u00e0 votre esth\u00e9tique personnelle.<\/p>\n\n\n\n<p>Explorez ma galerie pour d\u00e9couvrir mes derni\u00e8res cr\u00e9ations et <a href=\"https:\/\/www.edwardcrabbe.be\/public\/edward-crabbe\/\">n\u2019h\u00e9sitez pas \u00e0 me contacter<\/a> pour des commandes sur mesure. Ensemble, cr\u00e9ons un jardin qui refl\u00e8te votre style et respecte notre belle plan\u00e8te !<\/p>\n<\/div><\/div>\n\n\n\n<h2 class=\"wp-block-heading\"><\/h2>\n\n\n\n<div class=\"wp-block-columns is-layout-flex wp-container-core-columns-is-layout-28f84493 wp-block-columns-is-layout-flex\">\n<div class=\"wp-block-column is-layout-flow wp-block-column-is-layout-flow\">\n<div class=\"wp-block-group is-layout-constrained wp-block-group-is-layout-constrained\">\n<h2 class=\"wp-block-heading\">Fauteuil de jardin<br>style Adirondack<\/h2>\n\n\n\n<figure class=\"wp-block-image size-large\"><img loading=\"lazy\" decoding=\"async\" width=\"1024\" height=\"1024\" src=\"https:\/\/www.edwardcrabbe.be\/public\/wp-content\/uploads\/2024\/03\/20240317_135547-scaled-1-1024x1024.jpg\" alt=\"\" class=\"wp-image-414\" srcset=\"https:\/\/www.edwardcrabbe.be\/public\/wp-content\/uploads\/2024\/03\/20240317_135547-scaled-1-1024x1024.jpg 1024w, https:\/\/www.edwardcrabbe.be\/public\/wp-content\/uploads\/2024\/03\/20240317_135547-scaled-1-300x300.jpg 300w, https:\/\/www.edwardcrabbe.be\/public\/wp-content\/uploads\/2024\/03\/20240317_135547-scaled-1-150x150.jpg 150w, https:\/\/www.edwardcrabbe.be\/public\/wp-content\/uploads\/2024\/03\/20240317_135547-scaled-1-768x768.jpg 768w, https:\/\/www.edwardcrabbe.be\/public\/wp-content\/uploads\/2024\/03\/20240317_135547-scaled-1.jpg 1346w\" sizes=\"auto, (max-width: 1024px) 100vw, 1024px\" \/><\/figure>\n<\/div>\n<\/div>\n\n\n\n<div class=\"wp-block-column is-layout-flow wp-block-column-is-layout-flow\">\n<div class=\"wp-block-group is-layout-constrained wp-block-group-is-layout-constrained\">\n<h2 class=\"wp-block-heading\">Fauteuil de jardin<br>le carr\u00e9<\/h2>\n\n\n\n<figure class=\"wp-block-image size-large\"><img loading=\"lazy\" decoding=\"async\" width=\"1024\" height=\"1024\" src=\"https:\/\/www.edwardcrabbe.be\/public\/wp-content\/uploads\/2024\/03\/20240317_135416-scaled-1-1024x1024.jpg\" alt=\"\" class=\"wp-image-417\" srcset=\"https:\/\/www.edwardcrabbe.be\/public\/wp-content\/uploads\/2024\/03\/20240317_135416-scaled-1-1024x1024.jpg 1024w, https:\/\/www.edwardcrabbe.be\/public\/wp-content\/uploads\/2024\/03\/20240317_135416-scaled-1-300x300.jpg 300w, https:\/\/www.edwardcrabbe.be\/public\/wp-content\/uploads\/2024\/03\/20240317_135416-scaled-1-150x150.jpg 150w, https:\/\/www.edwardcrabbe.be\/public\/wp-content\/uploads\/2024\/03\/20240317_135416-scaled-1-768x768.jpg 768w, https:\/\/www.edwardcrabbe.be\/public\/wp-content\/uploads\/2024\/03\/20240317_135416-scaled-1.jpg 1154w\" sizes=\"auto, (max-width: 1024px) 100vw, 1024px\" \/><\/figure>\n<\/div>\n<\/div>\n\n\n\n<div class=\"wp-block-column is-layout-flow wp-block-column-is-layout-flow\">\n<div class=\"wp-block-group is-layout-constrained wp-block-group-is-layout-constrained\">\n<h2 class=\"wp-block-heading\">Fauteuil de jardin<br>l&rsquo;inclin\u00e9<\/h2>\n\n\n\n<figure class=\"wp-block-image size-large\"><img loading=\"lazy\" decoding=\"async\" width=\"1024\" height=\"1024\" src=\"https:\/\/www.edwardcrabbe.be\/public\/wp-content\/uploads\/2024\/03\/20240317_135322-scaled-1-1024x1024.jpg\" alt=\"\" class=\"wp-image-416\" srcset=\"https:\/\/www.edwardcrabbe.be\/public\/wp-content\/uploads\/2024\/03\/20240317_135322-scaled-1-1024x1024.jpg 1024w, https:\/\/www.edwardcrabbe.be\/public\/wp-content\/uploads\/2024\/03\/20240317_135322-scaled-1-300x300.jpg 300w, https:\/\/www.edwardcrabbe.be\/public\/wp-content\/uploads\/2024\/03\/20240317_135322-scaled-1-150x150.jpg 150w, https:\/\/www.edwardcrabbe.be\/public\/wp-content\/uploads\/2024\/03\/20240317_135322-scaled-1-768x768.jpg 768w, https:\/\/www.edwardcrabbe.be\/public\/wp-content\/uploads\/2024\/03\/20240317_135322-scaled-1.jpg 1154w\" sizes=\"auto, (max-width: 1024px) 100vw, 1024px\" \/><\/figure>\n<\/div>\n<\/div>\n<\/div>\n","protected":false},"excerpt":{"rendered":"<p>Votre Jardin, Votre Style Bienvenue dans mon atelier o\u00f9 la cr\u00e9ativit\u00e9 et la durabilit\u00e9 se rencontrent ! Je suis passionn\u00e9 [&hellip;]<\/p>\n","protected":false},"author":1,"featured_media":0,"parent":0,"menu_order":0,"comment_status":"closed","ping_status":"closed","template":"","meta":{"site-sidebar-layout":"default","site-content-layout":"","ast-site-content-layout":"","site-content-style":"default","site-sidebar-style":"default","ast-global-header-display":"","ast-banner-title-visibility":"","ast-main-header-display":"","ast-hfb-above-header-display":"","ast-hfb-below-header-display":"","ast-hfb-mobile-header-display":"","site-post-title":"disabled","ast-breadcrumbs-content":"","ast-featured-img":"","footer-sml-layout":"","theme-transparent-header-meta":"","adv-header-id-meta":"","stick-header-meta":"","header-above-stick-meta":"","header-main-stick-meta":"","header-below-stick-meta":"","astra-migrate-meta-layouts":"default","ast-page-background-enabled":"default","ast-page-background-meta":{"desktop":{"background-color":"var(--ast-global-color-4)","background-image":"","background-repeat":"repeat","background-position":"center center","background-size":"auto","background-attachment":"scroll","background-type":"","background-media":"","overlay-type":"","overlay-color":"","overlay-gradient":""},"tablet":{"background-color":"","background-image":"","background-repeat":"repeat","background-position":"center center","background-size":"auto","background-attachment":"scroll","background-type":"","background-media":"","overlay-type":"","overlay-color":"","overlay-gradient":""},"mobile":{"background-color":"","background-image":"","background-repeat":"repeat","background-position":"center center","background-size":"auto","background-attachment":"scroll","background-type":"","background-media":"","overlay-type":"","overlay-color":"","overlay-gradient":""}},"ast-content-background-meta":{"desktop":{"background-color":"var(--ast-global-color-5)","background-image":"","background-repeat":"repeat","background-position":"center center","background-size":"auto","background-attachment":"scroll","background-type":"","background-media":"","overlay-type":"","overlay-color":"","overlay-gradient":""},"tablet":{"background-color":"var(--ast-global-color-5)","background-image":"","background-repeat":"repeat","background-position":"center center","background-size":"auto","background-attachment":"scroll","background-type":"","background-media":"","overlay-type":"","overlay-color":"","overlay-gradient":""},"mobile":{"background-color":"var(--ast-global-color-5)","background-image":"","background-repeat":"repeat","background-position":"center center","background-size":"auto","background-attachment":"scroll","background-type":"","background-media":"","overlay-type":"","overlay-color":"","overlay-gradient":""}},"footnotes":""},"class_list":["post-402","page","type-page","status-publish","hentry"],"yoast_head":"<!-- This site is optimized with the Yoast SEO plugin v22.2 - https:\/\/yoast.com\/wordpress\/plugins\/seo\/ -->\n<title>Inspirations jardin - Edward Crabbe - Artisan cr\u00e9ateur<\/title>\n<meta name=\"robots\" content=\"index, follow, max-snippet:-1, max-image-preview:large, max-video-preview:-1\" \/>\n<link rel=\"canonical\" href=\"https:\/\/www.edwardcrabbe.be\/public\/inspirations-jardin\/\" \/>\n<meta property=\"og:locale\" content=\"fr_FR\" \/>\n<meta property=\"og:type\" content=\"article\" \/>\n<meta property=\"og:title\" content=\"Inspirations jardin - Edward Crabbe - Artisan cr\u00e9ateur\" \/>\n<meta property=\"og:description\" content=\"Votre Jardin, Votre Style Bienvenue dans mon atelier o\u00f9 la cr\u00e9ativit\u00e9 et la durabilit\u00e9 se rencontrent ! Je suis passionn\u00e9 [&hellip;]\" \/>\n<meta property=\"og:url\" content=\"https:\/\/www.edwardcrabbe.be\/public\/inspirations-jardin\/\" \/>\n<meta property=\"og:site_name\" content=\"Edward Crabbe - Artisan cr\u00e9ateur\" \/>\n<meta property=\"article:publisher\" content=\"https:\/\/www.facebook.com\/edward.crabbe\" \/>\n<meta property=\"article:modified_time\" content=\"2024-03-17T13:17:43+00:00\" \/>\n<meta property=\"og:image\" content=\"https:\/\/www.edwardcrabbe.be\/public\/wp-content\/uploads\/2024\/03\/20240316_183115-1024x462.jpg\" \/>\n<meta name=\"twitter:card\" content=\"summary_large_image\" \/>\n<meta name=\"twitter:label1\" content=\"Dur\u00e9e de lecture est.\" \/>\n\t<meta name=\"twitter:data1\" content=\"2 minutes\" \/>\n<script type=\"application\/ld+json\" class=\"yoast-schema-graph\">{\"@context\":\"https:\/\/schema.org\",\"@graph\":[{\"@type\":\"WebPage\",\"@id\":\"https:\/\/www.edwardcrabbe.be\/public\/inspirations-jardin\/\",\"url\":\"https:\/\/www.edwardcrabbe.be\/public\/inspirations-jardin\/\",\"name\":\"Inspirations jardin - Edward Crabbe - Artisan cr\u00e9ateur\",\"isPartOf\":{\"@id\":\"https:\/\/www.edwardcrabbe.be\/public\/#website\"},\"primaryImageOfPage\":{\"@id\":\"https:\/\/www.edwardcrabbe.be\/public\/inspirations-jardin\/#primaryimage\"},\"image\":{\"@id\":\"https:\/\/www.edwardcrabbe.be\/public\/inspirations-jardin\/#primaryimage\"},\"thumbnailUrl\":\"https:\/\/www.edwardcrabbe.be\/public\/wp-content\/uploads\/2024\/03\/20240316_183115-1024x462.jpg\",\"datePublished\":\"2024-03-17T12:40:12+00:00\",\"dateModified\":\"2024-03-17T13:17:43+00:00\",\"breadcrumb\":{\"@id\":\"https:\/\/www.edwardcrabbe.be\/public\/inspirations-jardin\/#breadcrumb\"},\"inLanguage\":\"fr-BE\",\"potentialAction\":[{\"@type\":\"ReadAction\",\"target\":[\"https:\/\/www.edwardcrabbe.be\/public\/inspirations-jardin\/\"]}]},{\"@type\":\"ImageObject\",\"inLanguage\":\"fr-BE\",\"@id\":\"https:\/\/www.edwardcrabbe.be\/public\/inspirations-jardin\/#primaryimage\",\"url\":\"https:\/\/www.edwardcrabbe.be\/public\/wp-content\/uploads\/2024\/03\/20240316_183115-scaled.jpg\",\"contentUrl\":\"https:\/\/www.edwardcrabbe.be\/public\/wp-content\/uploads\/2024\/03\/20240316_183115-scaled.jpg\",\"width\":2560,\"height\":1154},{\"@type\":\"BreadcrumbList\",\"@id\":\"https:\/\/www.edwardcrabbe.be\/public\/inspirations-jardin\/#breadcrumb\",\"itemListElement\":[{\"@type\":\"ListItem\",\"position\":1,\"name\":\"Accueil\",\"item\":\"https:\/\/www.edwardcrabbe.be\/public\/\"},{\"@type\":\"ListItem\",\"position\":2,\"name\":\"Inspirations jardin\"}]},{\"@type\":\"WebSite\",\"@id\":\"https:\/\/www.edwardcrabbe.be\/public\/#website\",\"url\":\"https:\/\/www.edwardcrabbe.be\/public\/\",\"name\":\"Edward Crabbe - Artisan cr\u00e9ateur\",\"description\":\"\",\"publisher\":{\"@id\":\"https:\/\/www.edwardcrabbe.be\/public\/#organization\"},\"potentialAction\":[{\"@type\":\"SearchAction\",\"target\":{\"@type\":\"EntryPoint\",\"urlTemplate\":\"https:\/\/www.edwardcrabbe.be\/public\/?s={search_term_string}\"},\"query-input\":\"required name=search_term_string\"}],\"inLanguage\":\"fr-BE\"},{\"@type\":\"Organization\",\"@id\":\"https:\/\/www.edwardcrabbe.be\/public\/#organization\",\"name\":\"Edward Crabbe - Artisan cr\u00e9ateur\",\"url\":\"https:\/\/www.edwardcrabbe.be\/public\/\",\"logo\":{\"@type\":\"ImageObject\",\"inLanguage\":\"fr-BE\",\"@id\":\"https:\/\/www.edwardcrabbe.be\/public\/#\/schema\/logo\/image\/\",\"url\":\"https:\/\/www.edwardcrabbe.be\/public\/wp-content\/uploads\/2024\/03\/280338780_10160212788174310_4684229033592049480_n.jpeg\",\"contentUrl\":\"https:\/\/www.edwardcrabbe.be\/public\/wp-content\/uploads\/2024\/03\/280338780_10160212788174310_4684229033592049480_n.jpeg\",\"width\":956,\"height\":960,\"caption\":\"Edward Crabbe - Artisan cr\u00e9ateur\"},\"image\":{\"@id\":\"https:\/\/www.edwardcrabbe.be\/public\/#\/schema\/logo\/image\/\"},\"sameAs\":[\"https:\/\/www.facebook.com\/edward.crabbe\"]}]}<\/script>\n<!-- \/ Yoast SEO plugin. -->","yoast_head_json":{"title":"Inspirations jardin - Edward Crabbe - Artisan cr\u00e9ateur","robots":{"index":"index","follow":"follow","max-snippet":"max-snippet:-1","max-image-preview":"max-image-preview:large","max-video-preview":"max-video-preview:-1"},"canonical":"https:\/\/www.edwardcrabbe.be\/public\/inspirations-jardin\/","og_locale":"fr_FR","og_type":"article","og_title":"Inspirations jardin - Edward Crabbe - Artisan cr\u00e9ateur","og_description":"Votre Jardin, Votre Style Bienvenue dans mon atelier o\u00f9 la cr\u00e9ativit\u00e9 et la durabilit\u00e9 se rencontrent ! Je suis passionn\u00e9 [&hellip;]","og_url":"https:\/\/www.edwardcrabbe.be\/public\/inspirations-jardin\/","og_site_name":"Edward Crabbe - Artisan cr\u00e9ateur","article_publisher":"https:\/\/www.facebook.com\/edward.crabbe","article_modified_time":"2024-03-17T13:17:43+00:00","og_image":[{"url":"https:\/\/www.edwardcrabbe.be\/public\/wp-content\/uploads\/2024\/03\/20240316_183115-1024x462.jpg"}],"twitter_card":"summary_large_image","twitter_misc":{"Dur\u00e9e de lecture est.":"2 minutes"},"schema":{"@context":"https:\/\/schema.org","@graph":[{"@type":"WebPage","@id":"https:\/\/www.edwardcrabbe.be\/public\/inspirations-jardin\/","url":"https:\/\/www.edwardcrabbe.be\/public\/inspirations-jardin\/","name":"Inspirations jardin - Edward Crabbe - Artisan cr\u00e9ateur","isPartOf":{"@id":"https:\/\/www.edwardcrabbe.be\/public\/#website"},"primaryImageOfPage":{"@id":"https:\/\/www.edwardcrabbe.be\/public\/inspirations-jardin\/#primaryimage"},"image":{"@id":"https:\/\/www.edwardcrabbe.be\/public\/inspirations-jardin\/#primaryimage"},"thumbnailUrl":"https:\/\/www.edwardcrabbe.be\/public\/wp-content\/uploads\/2024\/03\/20240316_183115-1024x462.jpg","datePublished":"2024-03-17T12:40:12+00:00","dateModified":"2024-03-17T13:17:43+00:00","breadcrumb":{"@id":"https:\/\/www.edwardcrabbe.be\/public\/inspirations-jardin\/#breadcrumb"},"inLanguage":"fr-BE","potentialAction":[{"@type":"ReadAction","target":["https:\/\/www.edwardcrabbe.be\/public\/inspirations-jardin\/"]}]},{"@type":"ImageObject","inLanguage":"fr-BE","@id":"https:\/\/www.edwardcrabbe.be\/public\/inspirations-jardin\/#primaryimage","url":"https:\/\/www.edwardcrabbe.be\/public\/wp-content\/uploads\/2024\/03\/20240316_183115-scaled.jpg","contentUrl":"https:\/\/www.edwardcrabbe.be\/public\/wp-content\/uploads\/2024\/03\/20240316_183115-scaled.jpg","width":2560,"height":1154},{"@type":"BreadcrumbList","@id":"https:\/\/www.edwardcrabbe.be\/public\/inspirations-jardin\/#breadcrumb","itemListElement":[{"@type":"ListItem","position":1,"name":"Accueil","item":"https:\/\/www.edwardcrabbe.be\/public\/"},{"@type":"ListItem","position":2,"name":"Inspirations jardin"}]},{"@type":"WebSite","@id":"https:\/\/www.edwardcrabbe.be\/public\/#website","url":"https:\/\/www.edwardcrabbe.be\/public\/","name":"Edward Crabbe - Artisan cr\u00e9ateur","description":"","publisher":{"@id":"https:\/\/www.edwardcrabbe.be\/public\/#organization"},"potentialAction":[{"@type":"SearchAction","target":{"@type":"EntryPoint","urlTemplate":"https:\/\/www.edwardcrabbe.be\/public\/?s={search_term_string}"},"query-input":"required name=search_term_string"}],"inLanguage":"fr-BE"},{"@type":"Organization","@id":"https:\/\/www.edwardcrabbe.be\/public\/#organization","name":"Edward Crabbe - Artisan cr\u00e9ateur","url":"https:\/\/www.edwardcrabbe.be\/public\/","logo":{"@type":"ImageObject","inLanguage":"fr-BE","@id":"https:\/\/www.edwardcrabbe.be\/public\/#\/schema\/logo\/image\/","url":"https:\/\/www.edwardcrabbe.be\/public\/wp-content\/uploads\/2024\/03\/280338780_10160212788174310_4684229033592049480_n.jpeg","contentUrl":"https:\/\/www.edwardcrabbe.be\/public\/wp-content\/uploads\/2024\/03\/280338780_10160212788174310_4684229033592049480_n.jpeg","width":956,"height":960,"caption":"Edward Crabbe - Artisan cr\u00e9ateur"},"image":{"@id":"https:\/\/www.edwardcrabbe.be\/public\/#\/schema\/logo\/image\/"},"sameAs":["https:\/\/www.facebook.com\/edward.crabbe"]}]}},"_links":{"self":[{"href":"https:\/\/www.edwardcrabbe.be\/public\/wp-json\/wp\/v2\/pages\/402","targetHints":{"allow":["GET"]}}],"collection":[{"href":"https:\/\/www.edwardcrabbe.be\/public\/wp-json\/wp\/v2\/pages"}],"about":[{"href":"https:\/\/www.edwardcrabbe.be\/public\/wp-json\/wp\/v2\/types\/page"}],"author":[{"embeddable":true,"href":"https:\/\/www.edwardcrabbe.be\/public\/wp-json\/wp\/v2\/users\/1"}],"replies":[{"embeddable":true,"href":"https:\/\/www.edwardcrabbe.be\/public\/wp-json\/wp\/v2\/comments?post=402"}],"version-history":[{"count":4,"href":"https:\/\/www.edwardcrabbe.be\/public\/wp-json\/wp\/v2\/pages\/402\/revisions"}],"predecessor-version":[{"id":419,"href":"https:\/\/www.edwardcrabbe.be\/public\/wp-json\/wp\/v2\/pages\/402\/revisions\/419"}],"wp:attachment":[{"href":"https:\/\/www.edwardcrabbe.be\/public\/wp-json\/wp\/v2\/media?parent=402"}],"curies":[{"name":"wp","href":"https:\/\/api.w.org\/{rel}","templated":true}]}}